{"id":1420,"date":"2025-02-24T18:16:14","date_gmt":"2025-02-24T17:16:14","guid":{"rendered":"https:\/\/paletscuerva.net\/?page_id=1420"},"modified":"2025-02-24T18:18:13","modified_gmt":"2025-02-24T17:18:13","slug":"venta-de-palets-santa-coloma-de-gramenet","status":"publish","type":"page","link":"https:\/\/paletscuerva.net\/ca\/venta-de-palets-santa-coloma-de-gramenet\/","title":{"rendered":"Venta de palets Santa Coloma de Gramenet"},"content":{"rendered":"<div data-elementor-type=\"wp-page\" data-elementor-id=\"1420\" class=\"elementor elementor-1420\" data-elementor-post-type=\"page\">\n\t\t\t\t\t\t<section class=\"elementor-section elementor-top-section elementor-element elementor-element-62ba8f2 elementor-section-boxed elementor-section-height-default elementor-section-height-default\" data-id=\"62ba8f2\" data-element_type=\"section\">\n\t\t\t\t\t\t<div class=\"elementor-container elementor-column-gap-default\">\n\t\t\t\t\t<div class=\"elementor-column elementor-col-66 elementor-top-column elementor-element elementor-element-a109682\" data-id=\"a109682\" data-element_type=\"column\">\n\t\t\t<div class=\"elementor-widget-wrap elementor-element-populated\">\n\t\t\t\t\t\t<div class=\"elementor-element elementor-element-460b75f elementor-widget elementor-widget-text-editor\" data-id=\"460b75f\" data-element_type=\"widget\" data-widget_type=\"text-editor.default\">\n\t\t\t\t<div class=\"elementor-widget-container\">\n\t\t\t\t\t\t\t\t\t<h2 data-start=\"535\" data-end=\"585\">Palets nuevos y restaurados de gran resistencia<\/h2><p data-start=\"587\" data-end=\"1044\">Si buscas <strong data-start=\"597\" data-end=\"607\">palets<\/strong> en Santa Coloma de Gramenet, en Palets Cuerva encontrar\u00e1s una amplia gama de opciones. Disponemos de palets nuevos que cumplen con todos los est\u00e1ndares de seguridad y carga, perfectos para uso industrial o comercial. Adem\u00e1s, ofrecemos palets restaurados que son ideales si buscas una soluci\u00f3n econ\u00f3mica sin comprometer la calidad. Todos nuestros palets est\u00e1n disponibles en diferentes tama\u00f1os y dise\u00f1os para adaptarse a tus necesidades.<\/p><h2 data-start=\"1046\" data-end=\"1126\">\u00a0<\/h2>\t\t\t\t\t\t\t\t<\/div>\n\t\t\t\t<\/div>\n\t\t\t\t<div class=\"elementor-element elementor-element-1b4611b elementor-widget elementor-widget-image\" data-id=\"1b4611b\" data-element_type=\"widget\" data-widget_type=\"image.default\">\n\t\t\t\t<div class=\"elementor-widget-container\">\n\t\t\t\t\t\t\t\t\t\t\t\t\t\t\t<img fetchpriority=\"high\" decoding=\"async\" width=\"1024\" height=\"683\" src=\"https:\/\/paletscuerva.net\/wp-content\/uploads\/2023\/05\/IMG_8697-1024x683.jpg\" class=\"attachment-large size-large wp-image-176\" alt=\"Distribuci\u00f3n Palets listos para ser utilizados\" srcset=\"https:\/\/paletscuerva.net\/wp-content\/uploads\/2023\/05\/IMG_8697-1024x683.jpg 1024w, https:\/\/paletscuerva.net\/wp-content\/uploads\/2023\/05\/IMG_8697-300x200.jpg 300w, https:\/\/paletscuerva.net\/wp-content\/uploads\/2023\/05\/IMG_8697-768x512.jpg 768w, https:\/\/paletscuerva.net\/wp-content\/uploads\/2023\/05\/IMG_8697-1536x1024.jpg 1536w, https:\/\/paletscuerva.net\/wp-content\/uploads\/2023\/05\/IMG_8697-2048x1365.jpg 2048w, https:\/\/paletscuerva.net\/wp-content\/uploads\/2023\/05\/IMG_8697-930x620.jpg 930w\" sizes=\"(max-width: 1024px) 100vw, 1024px\" \/>\t\t\t\t\t\t\t\t\t\t\t\t\t\t\t<\/div>\n\t\t\t\t<\/div>\n\t\t\t\t<div class=\"elementor-element elementor-element-721119e elementor-align-center elementor-widget elementor-widget-button\" data-id=\"721119e\" data-element_type=\"widget\" data-widget_type=\"button.default\">\n\t\t\t\t<div class=\"elementor-widget-container\">\n\t\t\t\t\t\t\t\t\t<div class=\"elementor-button-wrapper\">\n\t\t\t\t\t<a class=\"elementor-button elementor-button-link elementor-size-sm\" href=\"https:\/\/paletscuerva.net\/ca\/contacto\/\">\n\t\t\t\t\t\t<span class=\"elementor-button-content-wrapper\">\n\t\t\t\t\t\t\t\t\t<span class=\"elementor-button-text\">CONTACTA CON NOSOTROS<\/span>\n\t\t\t\t\t<\/span>\n\t\t\t\t\t<\/a>\n\t\t\t\t<\/div>\n\t\t\t\t\t\t\t\t<\/div>\n\t\t\t\t<\/div>\n\t\t\t\t<div class=\"elementor-element elementor-element-2588747 elementor-widget elementor-widget-text-editor\" data-id=\"2588747\" data-element_type=\"widget\" data-widget_type=\"text-editor.default\">\n\t\t\t\t<div class=\"elementor-widget-container\">\n\t\t\t\t\t\t\t\t\t<h2 data-start=\"1046\" data-end=\"1126\">Servicios adicionales en la gesti\u00f3n de palets en Santa Coloma de Gramenet<\/h2><p data-start=\"1128\" data-end=\"1543\">En Palets Cuerva no solo nos dedicamos a la <strong data-start=\"1172\" data-end=\"1216\">venta de palets Santa Coloma de Gramenet<\/strong>, sino que tambi\u00e9n ofrecemos servicios de recogida, restauraci\u00f3n y personalizaci\u00f3n de palets. Si tienes palets que ya no necesitas, podemos comprarlos, repararlos y ponerlos de nuevo a la venta. Adem\u00e1s, personalizamos palets seg\u00fan tus necesidades espec\u00edficas, garantizando que se adapten perfectamente a tu operaci\u00f3n log\u00edstica.<\/p><p data-start=\"1545\" data-end=\"1800\">Conf\u00eda en Palets Cuerva para la <strong data-start=\"1577\" data-end=\"1621\">venta de palets Santa Coloma de Gramenet<\/strong>. Te ofrecemos productos de alta calidad, atenci\u00f3n personalizada y la mejor soluci\u00f3n para tu cadena de suministro, ayud\u00e1ndote a reducir costos y optimizar tus recursos log\u00edsticos.<\/p>\t\t\t\t\t\t\t\t<\/div>\n\t\t\t\t<\/div>\n\t\t\t\t\t<\/div>\n\t\t<\/div>\n\t\t\t\t<div class=\"elementor-column elementor-col-33 elementor-top-column elementor-element elementor-element-15f838b\" data-id=\"15f838b\" data-element_type=\"column\">\n\t\t\t<div class=\"elementor-widget-wrap elementor-element-populated\">\n\t\t\t\t\t\t<div class=\"elementor-element elementor-element-21dc753 elementor-widget elementor-widget-heading\" data-id=\"21dc753\" data-element_type=\"widget\" data-widget_type=\"heading.default\">\n\t\t\t\t<div class=\"elementor-widget-container\">\n\t\t\t\t\t<h3 class=\"elementor-heading-title elementor-size-default\">Envia&#039;ns la teva consulta<\/h3>\t\t\t\t<\/div>\n\t\t\t\t<\/div>\n\t\t\t\t<div class=\"elementor-element elementor-element-889d8ad elementor-button-align-stretch elementor-widget elementor-widget-form\" data-id=\"889d8ad\" data-element_type=\"widget\" data-settings=\"{&quot;step_next_label&quot;:&quot;Next&quot;,&quot;step_previous_label&quot;:&quot;Previous&quot;,&quot;button_width&quot;:&quot;100&quot;,&quot;step_type&quot;:&quot;number_text&quot;,&quot;step_icon_shape&quot;:&quot;circle&quot;}\" data-widget_type=\"form.default\">\n\t\t\t\t<div class=\"elementor-widget-container\">\n\t\t\t\t\t\t\t<form class=\"elementor-form\" method=\"post\" name=\"New Form\" action=\"\">\n\t\t\t<input type=\"hidden\" name=\"post_id\" value=\"1420\"\/>\n\t\t\t<input type=\"hidden\" name=\"form_id\" value=\"889d8ad\"\/>\n\t\t\t<input type=\"hidden\" name=\"referer_title\" value=\"Palets Cuerva\" \/>\n\n\t\t\t\n\t\t\t<div class=\"elementor-form-fields-wrapper elementor-labels-\">\n\t\t\t\t\t\t\t\t<div class=\"elementor-field-type-text elementor-field-group elementor-column elementor-field-group-name elementor-col-100\">\n\t\t\t\t\t\t\t\t\t\t\t\t<label for=\"form-field-name\" class=\"elementor-field-label elementor-screen-only\">\n\t\t\t\t\t\t\t\tNom\t\t\t\t\t\t\t<\/label>\n\t\t\t\t\t\t\t\t\t\t\t\t\t\t<input size=\"1\" type=\"text\" name=\"form_fields[name]\" id=\"form-field-name\" class=\"elementor-field elementor-size-sm  elementor-field-textual\" placeholder=\"Nom\">\n\t\t\t\t\t\t\t\t\t\t\t<\/div>\n\t\t\t\t\t\t\t\t<div class=\"elementor-field-type-email elementor-field-group elementor-column elementor-field-group-field_375f705 elementor-col-100\">\n\t\t\t\t\t\t\t\t\t\t\t\t<label for=\"form-field-field_375f705\" class=\"elementor-field-label elementor-screen-only\">\n\t\t\t\t\t\t\t\tCorreu electr\u00f2nic\t\t\t\t\t\t\t<\/label>\n\t\t\t\t\t\t\t\t\t\t\t\t\t\t<input size=\"1\" type=\"email\" name=\"form_fields[field_375f705]\" id=\"form-field-field_375f705\" class=\"elementor-field elementor-size-sm  elementor-field-textual\" placeholder=\"Correu electr\u00f2nic\">\n\t\t\t\t\t\t\t\t\t\t\t<\/div>\n\t\t\t\t\t\t\t\t<div class=\"elementor-field-type-tel elementor-field-group elementor-column elementor-field-group-field_8701c68 elementor-col-100 elementor-field-required\">\n\t\t\t\t\t\t\t\t\t\t\t\t<label for=\"form-field-field_8701c68\" class=\"elementor-field-label elementor-screen-only\">\n\t\t\t\t\t\t\t\tTel\u00e8fon\t\t\t\t\t\t\t<\/label>\n\t\t\t\t\t\t\t\t<input size=\"1\" type=\"tel\" name=\"form_fields[field_8701c68]\" id=\"form-field-field_8701c68\" class=\"elementor-field elementor-size-sm  elementor-field-textual\" placeholder=\"Tel\u00e8fon\" required=\"required\" pattern=\"[0-9()#&amp;+*-=.]+\" title=\"Only numbers and phone characters (#, -, *, etc) are accepted.\">\n\n\t\t\t\t\t\t<\/div>\n\t\t\t\t\t\t\t\t<div class=\"elementor-field-type-text elementor-field-group elementor-column elementor-field-group-email elementor-col-100 elementor-field-required\">\n\t\t\t\t\t\t\t\t\t\t\t\t<label for=\"form-field-email\" class=\"elementor-field-label elementor-screen-only\">\n\t\t\t\t\t\t\t\tTema\t\t\t\t\t\t\t<\/label>\n\t\t\t\t\t\t\t\t\t\t\t\t\t\t<input size=\"1\" type=\"text\" name=\"form_fields[email]\" id=\"form-field-email\" class=\"elementor-field elementor-size-sm  elementor-field-textual\" placeholder=\"Tema\" required=\"required\">\n\t\t\t\t\t\t\t\t\t\t\t<\/div>\n\t\t\t\t\t\t\t\t<div class=\"elementor-field-type-textarea elementor-field-group elementor-column elementor-field-group-message elementor-col-100\">\n\t\t\t\t\t\t\t\t\t\t\t\t<label for=\"form-field-message\" class=\"elementor-field-label elementor-screen-only\">\n\t\t\t\t\t\t\t\tMissatge\t\t\t\t\t\t\t<\/label>\n\t\t\t\t\t\t<textarea class=\"elementor-field-textual elementor-field  elementor-size-sm\" name=\"form_fields[message]\" id=\"form-field-message\" rows=\"4\" placeholder=\"Missatge \/ consulta (opcional)\"><\/textarea>\t\t\t\t<\/div>\n\t\t\t\t\t\t\t\t<div class=\"elementor-field-type-acceptance elementor-field-group elementor-column elementor-field-group-field_e8cc4b4 elementor-col-100\">\n\t\t\t\t\t\t\t<div class=\"elementor-field-subgroup\">\n\t\t\t<span class=\"elementor-field-option\">\n\t\t\t\t<input type=\"checkbox\" name=\"form_fields[field_e8cc4b4]\" id=\"form-field-field_e8cc4b4\" class=\"elementor-field elementor-size-sm  elementor-acceptance-field\">\n\t\t\t\t<label for=\"form-field-field_e8cc4b4\">He llegit i accepto la <a href=\"https:\/\/paletscuerva.net\/ca\/\">pol\u00edtica de privacitat.<\/a><\/label>\t\t\t<\/span>\n\t\t<\/div>\n\t\t\t\t\t\t<\/div>\n\t\t\t\t\t\t\t\t<div class=\"elementor-field-type-text\">\n\t\t\t\t\t<input size=\"1\" type=\"text\" name=\"form_fields[field_455912c]\" id=\"form-field-field_455912c\" class=\"elementor-field elementor-size-sm\" style=\"display:none !important;\">\t\t\t\t<\/div>\n\t\t\t\t\t\t\t\t<div class=\"elementor-field-type-recaptcha_v3 elementor-field-group elementor-column elementor-field-group-field_20572ab elementor-col-100 recaptcha_v3-bottomleft\">\n\t\t\t\t\t<div class=\"elementor-field\" id=\"form-field-field_20572ab\"><div class=\"elementor-g-recaptcha\" data-sitekey=\"6Le8qJEpAAAAAJAJ5zRhi2S9OKRT9UGVIsqxgz-p\" data-type=\"v3\" data-action=\"Form\" data-badge=\"bottomleft\" data-size=\"invisible\"><\/div><\/div>\t\t\t\t<\/div>\n\t\t\t\t\t\t\t\t<div class=\"elementor-field-group elementor-column elementor-field-type-submit elementor-col-100 e-form__buttons\">\n\t\t\t\t\t<button class=\"elementor-button elementor-size-sm\" type=\"submit\">\n\t\t\t\t\t\t<span class=\"elementor-button-content-wrapper\">\n\t\t\t\t\t\t\t\t\t\t\t\t\t\t\t\t\t\t\t\t\t\t<span class=\"elementor-button-text\">Enviar<\/span>\n\t\t\t\t\t\t\t\t\t\t\t\t\t<\/span>\n\t\t\t\t\t<\/button>\n\t\t\t\t<\/div>\n\t\t\t<\/div>\n\t\t<input type=\"hidden\" name=\"trp-form-language\" value=\"ca\"\/><\/form>\n\t\t\t\t\t\t<\/div>\n\t\t\t\t<\/div>\n\t\t\t\t\t<\/div>\n\t\t<\/div>\n\t\t\t\t\t<\/div>\n\t\t<\/section>\n\t\t\t\t<\/div>","protected":false},"excerpt":{"rendered":"<p>Palets nuevos y restaurados de gran resistencia Si buscas palets en Santa Coloma de Gramenet, en Palets Cuerva encontrar\u00e1s una amplia gama de opciones. Disponemos de palets nuevos que cumplen con todos los est\u00e1ndares de seguridad y carga, perfectos para uso industrial o comercial. Adem\u00e1s, ofrecemos palets restaurados que son ideales si buscas una soluci\u00f3n&hellip;&nbsp;<a href=\"https:\/\/paletscuerva.net\/ca\/venta-de-palets-santa-coloma-de-gramenet\/\" rel=\"bookmark\"><span class=\"screen-reader-text\">Venta de palets Santa Coloma de Gramenet<\/span><\/a><\/p>","protected":false},"author":1,"featured_media":0,"parent":0,"menu_order":0,"comment_status":"closed","ping_status":"closed","template":"","meta":{"neve_meta_sidebar":"","neve_meta_container":"","neve_meta_enable_content_width":"off","neve_meta_content_width":100,"neve_meta_title_alignment":"","neve_meta_author_avatar":"","neve_post_elements_order":"","neve_meta_disable_header":"","neve_meta_disable_footer":"","neve_meta_disable_title":"","neve_meta_reading_time":"","footnotes":""},"class_list":["post-1420","page","type-page","status-publish","hentry"],"yoast_head":"<!-- This site is optimized with the Yoast SEO plugin v25.2 - https:\/\/yoast.com\/wordpress\/plugins\/seo\/ -->\n<title>Venta de palets Santa Coloma de Gramenet - Palets Cuerva<\/title>\n<meta name=\"robots\" content=\"index, follow, max-snippet:-1, max-image-preview:large, max-video-preview:-1\" \/>\n<link rel=\"canonical\" href=\"https:\/\/paletscuerva.net\/ca\/venta-de-palets-santa-coloma-de-gramenet\/\" \/>\n<meta property=\"og:locale\" content=\"ca_ES\" \/>\n<meta property=\"og:type\" content=\"article\" \/>\n<meta property=\"og:title\" content=\"Venta de palets Santa Coloma de Gramenet - Palets Cuerva\" \/>\n<meta property=\"og:description\" content=\"Palets nuevos y restaurados de gran resistencia Si buscas palets en Santa Coloma de Gramenet, en Palets Cuerva encontrar\u00e1s una amplia gama de opciones. Disponemos de palets nuevos que cumplen con todos los est\u00e1ndares de seguridad y carga, perfectos para uso industrial o comercial. Adem\u00e1s, ofrecemos palets restaurados que son ideales si buscas una soluci\u00f3n&hellip;&nbsp;Venta de palets Santa Coloma de Gramenet\" \/>\n<meta property=\"og:url\" content=\"https:\/\/paletscuerva.net\/ca\/venta-de-palets-santa-coloma-de-gramenet\/\" \/>\n<meta property=\"og:site_name\" content=\"Palets Cuerva\" \/>\n<meta property=\"article:modified_time\" content=\"2025-02-24T17:18:13+00:00\" \/>\n<meta property=\"og:image\" content=\"https:\/\/paletscuerva.net\/wp-content\/uploads\/2023\/05\/IMG_8697-1024x683.jpg\" \/>\n<meta name=\"twitter:card\" content=\"summary_large_image\" \/>\n<meta name=\"twitter:label1\" content=\"Temps estimat de lectura\" \/>\n\t<meta name=\"twitter:data1\" content=\"2 minuts\" \/>\n<script type=\"application\/ld+json\" class=\"yoast-schema-graph\">{\"@context\":\"https:\/\/schema.org\",\"@graph\":[{\"@type\":\"WebPage\",\"@id\":\"https:\/\/paletscuerva.net\/venta-de-palets-santa-coloma-de-gramenet\/\",\"url\":\"https:\/\/paletscuerva.net\/venta-de-palets-santa-coloma-de-gramenet\/\",\"name\":\"Venta de palets Santa Coloma de Gramenet - Palets Cuerva\",\"isPartOf\":{\"@id\":\"https:\/\/paletscuerva.net\/#website\"},\"primaryImageOfPage\":{\"@id\":\"https:\/\/paletscuerva.net\/venta-de-palets-santa-coloma-de-gramenet\/#primaryimage\"},\"image\":{\"@id\":\"https:\/\/paletscuerva.net\/venta-de-palets-santa-coloma-de-gramenet\/#primaryimage\"},\"thumbnailUrl\":\"https:\/\/paletscuerva.net\/wp-content\/uploads\/2023\/05\/IMG_8697-1024x683.jpg\",\"datePublished\":\"2025-02-24T17:16:14+00:00\",\"dateModified\":\"2025-02-24T17:18:13+00:00\",\"breadcrumb\":{\"@id\":\"https:\/\/paletscuerva.net\/venta-de-palets-santa-coloma-de-gramenet\/#breadcrumb\"},\"inLanguage\":\"ca\",\"potentialAction\":[{\"@type\":\"ReadAction\",\"target\":[\"https:\/\/paletscuerva.net\/venta-de-palets-santa-coloma-de-gramenet\/\"]}]},{\"@type\":\"ImageObject\",\"inLanguage\":\"ca\",\"@id\":\"https:\/\/paletscuerva.net\/venta-de-palets-santa-coloma-de-gramenet\/#primaryimage\",\"url\":\"https:\/\/paletscuerva.net\/wp-content\/uploads\/2023\/05\/IMG_8697-1024x683.jpg\",\"contentUrl\":\"https:\/\/paletscuerva.net\/wp-content\/uploads\/2023\/05\/IMG_8697-1024x683.jpg\"},{\"@type\":\"BreadcrumbList\",\"@id\":\"https:\/\/paletscuerva.net\/venta-de-palets-santa-coloma-de-gramenet\/#breadcrumb\",\"itemListElement\":[{\"@type\":\"ListItem\",\"position\":1,\"name\":\"Portada\",\"item\":\"https:\/\/paletscuerva.net\/\"},{\"@type\":\"ListItem\",\"position\":2,\"name\":\"Venta de palets Santa Coloma de Gramenet\"}]},{\"@type\":\"WebSite\",\"@id\":\"https:\/\/paletscuerva.net\/#website\",\"url\":\"https:\/\/paletscuerva.net\/\",\"name\":\"Palets Cuerva\",\"description\":\"Fabricaci\u00f3n, venta y restauraci\u00f3n de palets en Barcelona.\",\"potentialAction\":[{\"@type\":\"SearchAction\",\"target\":{\"@type\":\"EntryPoint\",\"urlTemplate\":\"https:\/\/paletscuerva.net\/?s={search_term_string}\"},\"query-input\":{\"@type\":\"PropertyValueSpecification\",\"valueRequired\":true,\"valueName\":\"search_term_string\"}}],\"inLanguage\":\"ca\"}]}<\/script>\n<!-- \/ Yoast SEO plugin. -->","yoast_head_json":{"title":"Venta de palets Santa Coloma de Gramenet - Palets Cuerva","robots":{"index":"index","follow":"follow","max-snippet":"max-snippet:-1","max-image-preview":"max-image-preview:large","max-video-preview":"max-video-preview:-1"},"canonical":"https:\/\/paletscuerva.net\/ca\/venta-de-palets-santa-coloma-de-gramenet\/","og_locale":"ca_ES","og_type":"article","og_title":"Venta de palets Santa Coloma de Gramenet - Palets Cuerva","og_description":"Palets nuevos y restaurados de gran resistencia Si buscas palets en Santa Coloma de Gramenet, en Palets Cuerva encontrar\u00e1s una amplia gama de opciones. Disponemos de palets nuevos que cumplen con todos los est\u00e1ndares de seguridad y carga, perfectos para uso industrial o comercial. Adem\u00e1s, ofrecemos palets restaurados que son ideales si buscas una soluci\u00f3n&hellip;&nbsp;Venta de palets Santa Coloma de Gramenet","og_url":"https:\/\/paletscuerva.net\/ca\/venta-de-palets-santa-coloma-de-gramenet\/","og_site_name":"Palets Cuerva","article_modified_time":"2025-02-24T17:18:13+00:00","og_image":[{"url":"https:\/\/paletscuerva.net\/wp-content\/uploads\/2023\/05\/IMG_8697-1024x683.jpg","type":"","width":"","height":""}],"twitter_card":"summary_large_image","twitter_misc":{"Temps estimat de lectura":"2 minuts"},"schema":{"@context":"https:\/\/schema.org","@graph":[{"@type":"WebPage","@id":"https:\/\/paletscuerva.net\/venta-de-palets-santa-coloma-de-gramenet\/","url":"https:\/\/paletscuerva.net\/venta-de-palets-santa-coloma-de-gramenet\/","name":"Venta de palets Santa Coloma de Gramenet - Palets Cuerva","isPartOf":{"@id":"https:\/\/paletscuerva.net\/#website"},"primaryImageOfPage":{"@id":"https:\/\/paletscuerva.net\/venta-de-palets-santa-coloma-de-gramenet\/#primaryimage"},"image":{"@id":"https:\/\/paletscuerva.net\/venta-de-palets-santa-coloma-de-gramenet\/#primaryimage"},"thumbnailUrl":"https:\/\/paletscuerva.net\/wp-content\/uploads\/2023\/05\/IMG_8697-1024x683.jpg","datePublished":"2025-02-24T17:16:14+00:00","dateModified":"2025-02-24T17:18:13+00:00","breadcrumb":{"@id":"https:\/\/paletscuerva.net\/venta-de-palets-santa-coloma-de-gramenet\/#breadcrumb"},"inLanguage":"ca","potentialAction":[{"@type":"ReadAction","target":["https:\/\/paletscuerva.net\/venta-de-palets-santa-coloma-de-gramenet\/"]}]},{"@type":"ImageObject","inLanguage":"ca","@id":"https:\/\/paletscuerva.net\/venta-de-palets-santa-coloma-de-gramenet\/#primaryimage","url":"https:\/\/paletscuerva.net\/wp-content\/uploads\/2023\/05\/IMG_8697-1024x683.jpg","contentUrl":"https:\/\/paletscuerva.net\/wp-content\/uploads\/2023\/05\/IMG_8697-1024x683.jpg"},{"@type":"BreadcrumbList","@id":"https:\/\/paletscuerva.net\/venta-de-palets-santa-coloma-de-gramenet\/#breadcrumb","itemListElement":[{"@type":"ListItem","position":1,"name":"Portada","item":"https:\/\/paletscuerva.net\/"},{"@type":"ListItem","position":2,"name":"Venta de palets Santa Coloma de Gramenet"}]},{"@type":"WebSite","@id":"https:\/\/paletscuerva.net\/#website","url":"https:\/\/paletscuerva.net\/","name":"Palets Cuerva","description":"Fabricaci\u00f3n, venta y restauraci\u00f3n de palets en Barcelona.","potentialAction":[{"@type":"SearchAction","target":{"@type":"EntryPoint","urlTemplate":"https:\/\/paletscuerva.net\/?s={search_term_string}"},"query-input":{"@type":"PropertyValueSpecification","valueRequired":true,"valueName":"search_term_string"}}],"inLanguage":"ca"}]}},"_links":{"self":[{"href":"https:\/\/paletscuerva.net\/ca\/wp-json\/wp\/v2\/pages\/1420","targetHints":{"allow":["GET"]}}],"collection":[{"href":"https:\/\/paletscuerva.net\/ca\/wp-json\/wp\/v2\/pages"}],"about":[{"href":"https:\/\/paletscuerva.net\/ca\/wp-json\/wp\/v2\/types\/page"}],"author":[{"embeddable":true,"href":"https:\/\/paletscuerva.net\/ca\/wp-json\/wp\/v2\/users\/1"}],"replies":[{"embeddable":true,"href":"https:\/\/paletscuerva.net\/ca\/wp-json\/wp\/v2\/comments?post=1420"}],"version-history":[{"count":4,"href":"https:\/\/paletscuerva.net\/ca\/wp-json\/wp\/v2\/pages\/1420\/revisions"}],"predecessor-version":[{"id":1424,"href":"https:\/\/paletscuerva.net\/ca\/wp-json\/wp\/v2\/pages\/1420\/revisions\/1424"}],"wp:attachment":[{"href":"https:\/\/paletscuerva.net\/ca\/wp-json\/wp\/v2\/media?parent=1420"}],"curies":[{"name":"wp","href":"https:\/\/api.w.org\/{rel}","templated":true}]}}