{"id":279,"date":"2023-05-11T21:15:51","date_gmt":"2023-05-11T21:15:51","guid":{"rendered":"https:\/\/paletscuerva.net\/?page_id=279"},"modified":"2023-05-30T08:54:18","modified_gmt":"2023-05-30T08:54:18","slug":"blog","status":"publish","type":"page","link":"https:\/\/paletscuerva.net\/ca\/blog\/","title":{"rendered":"Blog"},"content":{"rendered":"<div data-elementor-type=\"wp-page\" data-elementor-id=\"279\" class=\"elementor elementor-279\" data-elementor-post-type=\"page\">\n\t\t\t\t\t\t<section class=\"elementor-section elementor-top-section elementor-element elementor-element-826bf29 elementor-section-height-min-height elementor-section-boxed elementor-section-height-default elementor-section-items-middle\" data-id=\"826bf29\" data-element_type=\"section\" data-settings=\"{&quot;background_background&quot;:&quot;classic&quot;}\">\n\t\t\t\t\t\t\t<div class=\"elementor-background-overlay\"><\/div>\n\t\t\t\t\t\t\t<div class=\"elementor-container elementor-column-gap-default\">\n\t\t\t\t\t<div class=\"elementor-column elementor-col-100 elementor-top-column elementor-element elementor-element-ed4d00b\" data-id=\"ed4d00b\" data-element_type=\"column\">\n\t\t\t<div class=\"elementor-widget-wrap elementor-element-populated\">\n\t\t\t\t\t\t<div class=\"elementor-element elementor-element-a596f19 elementor-widget elementor-widget-heading\" data-id=\"a596f19\" data-element_type=\"widget\" data-widget_type=\"heading.default\">\n\t\t\t\t<div class=\"elementor-widget-container\">\n\t\t\t\t\t<h2 class=\"elementor-heading-title elementor-size-default\">Blog<\/h2>\t\t\t\t<\/div>\n\t\t\t\t<\/div>\n\t\t\t\t\t<\/div>\n\t\t<\/div>\n\t\t\t\t\t<\/div>\n\t\t<\/section>\n\t\t\t\t<section class=\"elementor-section elementor-top-section elementor-element elementor-element-129854c elementor-section-boxed elementor-section-height-default elementor-section-height-default\" data-id=\"129854c\" data-element_type=\"section\">\n\t\t\t\t\t\t<div class=\"elementor-container elementor-column-gap-default\">\n\t\t\t\t\t<div class=\"elementor-column elementor-col-100 elementor-top-column elementor-element elementor-element-b0ec643\" data-id=\"b0ec643\" data-element_type=\"column\">\n\t\t\t<div class=\"elementor-widget-wrap elementor-element-populated\">\n\t\t\t\t\t\t<div class=\"elementor-element elementor-element-3a9dfd3 elementor-grid-3 elementor-grid-tablet-2 elementor-grid-mobile-1 elementor-posts--thumbnail-top elementor-card-shadow-yes elementor-posts__hover-gradient elementor-widget elementor-widget-posts\" data-id=\"3a9dfd3\" data-element_type=\"widget\" data-settings=\"{&quot;pagination_type&quot;:&quot;prev_next&quot;,&quot;cards_columns&quot;:&quot;3&quot;,&quot;cards_columns_tablet&quot;:&quot;2&quot;,&quot;cards_columns_mobile&quot;:&quot;1&quot;,&quot;cards_row_gap&quot;:{&quot;unit&quot;:&quot;px&quot;,&quot;size&quot;:35,&quot;sizes&quot;:[]},&quot;cards_row_gap_tablet&quot;:{&quot;unit&quot;:&quot;px&quot;,&quot;size&quot;:&quot;&quot;,&quot;sizes&quot;:[]},&quot;cards_row_gap_mobile&quot;:{&quot;unit&quot;:&quot;px&quot;,&quot;size&quot;:&quot;&quot;,&quot;sizes&quot;:[]}}\" data-widget_type=\"posts.cards\">\n\t\t\t\t<div class=\"elementor-widget-container\">\n\t\t\t\t\t\t\t<div class=\"elementor-posts-container elementor-posts elementor-posts--skin-cards elementor-grid\">\n\t\t\t\t<article class=\"elementor-post elementor-grid-item post-1486 post type-post status-publish format-standard has-post-thumbnail hentry category-compra-venta-de-palets category-comprar-palets category-empresa-de-palets tag-compra-venta-palets\">\n\t\t\t<div class=\"elementor-post__card\">\n\t\t\t\t<a class=\"elementor-post__thumbnail__link\" href=\"https:\/\/paletscuerva.net\/ca\/reciclaje-de-palets-clave-para-una-logistica-mas-sostenible\/\" tabindex=\"-1\" ><div class=\"elementor-post__thumbnail\"><img fetchpriority=\"high\" decoding=\"async\" width=\"300\" height=\"200\" src=\"https:\/\/paletscuerva.net\/wp-content\/uploads\/2023\/05\/IMG_8688-300x200.jpg\" class=\"attachment-medium size-medium wp-image-167\" alt=\"Distribuci\u00f3n Palets\" srcset=\"https:\/\/paletscuerva.net\/wp-content\/uploads\/2023\/05\/IMG_8688-300x200.jpg 300w, https:\/\/paletscuerva.net\/wp-content\/uploads\/2023\/05\/IMG_8688-1024x683.jpg 1024w, https:\/\/paletscuerva.net\/wp-content\/uploads\/2023\/05\/IMG_8688-768x512.jpg 768w, https:\/\/paletscuerva.net\/wp-content\/uploads\/2023\/05\/IMG_8688-1536x1024.jpg 1536w, https:\/\/paletscuerva.net\/wp-content\/uploads\/2023\/05\/IMG_8688-2048x1365.jpg 2048w, https:\/\/paletscuerva.net\/wp-content\/uploads\/2023\/05\/IMG_8688-930x620.jpg 930w\" sizes=\"(max-width: 300px) 100vw, 300px\" \/><\/div><\/a>\n\t\t\t\t<div class=\"elementor-post__text\">\n\t\t\t\t<h3 class=\"elementor-post__title\">\n\t\t\t<a href=\"https:\/\/paletscuerva.net\/ca\/reciclaje-de-palets-clave-para-una-logistica-mas-sostenible\/\" >\n\t\t\t\tReciclaje de palets: clave para una log\u00edstica m\u00e1s sostenible\t\t\t<\/a>\n\t\t<\/h3>\n\t\t\t\t<div class=\"elementor-post__excerpt\">\n\t\t\t<p>Reutilizaci\u00f3n eficiente en la cadena de suministro El reciclaje de palets es una pr\u00e1ctica cada vez m\u00e1s adoptada por empresas comprometidas con la sostenibilidad y<\/p>\n\t\t<\/div>\n\t\t\n\t\t<a class=\"elementor-post__read-more\" href=\"https:\/\/paletscuerva.net\/ca\/reciclaje-de-palets-clave-para-una-logistica-mas-sostenible\/\" aria-label=\"Read more about Reciclaje de palets: clave para una log\u00edstica m\u00e1s sostenible\" tabindex=\"-1\" >\n\t\t\tLlegir m\u00e9s &#034;\t\t<\/a>\n\n\t\t\t\t<\/div>\n\t\t\t\t\t<\/div>\n\t\t<\/article>\n\t\t\t\t<article class=\"elementor-post elementor-grid-item post-1483 post type-post status-publish format-standard has-post-thumbnail hentry category-compra-venta-de-palets category-comprar-palets category-empresa-de-palets tag-compra-venta-palets\">\n\t\t\t<div class=\"elementor-post__card\">\n\t\t\t\t<a class=\"elementor-post__thumbnail__link\" href=\"https:\/\/paletscuerva.net\/ca\/venta-de-palets-una-solucion-eficiente-para-empresas-sostenibles\/\" tabindex=\"-1\" ><div class=\"elementor-post__thumbnail\"><img decoding=\"async\" width=\"300\" height=\"200\" src=\"https:\/\/paletscuerva.net\/wp-content\/uploads\/2024\/11\/compra-venta-palets-2-300x200.jpg\" class=\"attachment-medium size-medium wp-image-1265\" alt=\"trabajador colocando palets de madera con veh\u00edculo especial\" srcset=\"https:\/\/paletscuerva.net\/wp-content\/uploads\/2024\/11\/compra-venta-palets-2-300x200.jpg 300w, https:\/\/paletscuerva.net\/wp-content\/uploads\/2024\/11\/compra-venta-palets-2-768x512.jpg 768w, https:\/\/paletscuerva.net\/wp-content\/uploads\/2024\/11\/compra-venta-palets-2-18x12.jpg 18w, https:\/\/paletscuerva.net\/wp-content\/uploads\/2024\/11\/compra-venta-palets-2.jpg 900w\" sizes=\"(max-width: 300px) 100vw, 300px\" \/><\/div><\/a>\n\t\t\t\t<div class=\"elementor-post__text\">\n\t\t\t\t<h3 class=\"elementor-post__title\">\n\t\t\t<a href=\"https:\/\/paletscuerva.net\/ca\/venta-de-palets-una-solucion-eficiente-para-empresas-sostenibles\/\" >\n\t\t\t\tVenta de palets: una soluci\u00f3n eficiente para empresas sostenibles\t\t\t<\/a>\n\t\t<\/h3>\n\t\t\t\t<div class=\"elementor-post__excerpt\">\n\t\t\t<p>Comercializaci\u00f3n responsable de embalajes de madera La venta de palets desempe\u00f1a un papel fundamental en la cadena de suministro de m\u00faltiples sectores. Ya sea para<\/p>\n\t\t<\/div>\n\t\t\n\t\t<a class=\"elementor-post__read-more\" href=\"https:\/\/paletscuerva.net\/ca\/venta-de-palets-una-solucion-eficiente-para-empresas-sostenibles\/\" aria-label=\"Read more about Venta de palets: una soluci\u00f3n eficiente para empresas sostenibles\" tabindex=\"-1\" >\n\t\t\tLlegir m\u00e9s &#034;\t\t<\/a>\n\n\t\t\t\t<\/div>\n\t\t\t\t\t<\/div>\n\t\t<\/article>\n\t\t\t\t<article class=\"elementor-post elementor-grid-item post-1494 post type-post status-publish format-standard has-post-thumbnail hentry category-compra-venta-de-palets category-comprar-palets category-empresa-de-palets tag-compra-venta-palets\">\n\t\t\t<div class=\"elementor-post__card\">\n\t\t\t\t<a class=\"elementor-post__thumbnail__link\" href=\"https:\/\/paletscuerva.net\/ca\/comprar-palets-europeos-una-apuesta-segura-para-la-logistica-eficiente\/\" tabindex=\"-1\" ><div class=\"elementor-post__thumbnail\"><img decoding=\"async\" width=\"300\" height=\"212\" src=\"https:\/\/paletscuerva.net\/wp-content\/uploads\/2024\/10\/Reciclaje-de-Palets-en-Sabadell-300x212.jpg\" class=\"attachment-medium size-medium wp-image-1254\" alt=\"\" srcset=\"https:\/\/paletscuerva.net\/wp-content\/uploads\/2024\/10\/Reciclaje-de-Palets-en-Sabadell-300x212.jpg 300w, https:\/\/paletscuerva.net\/wp-content\/uploads\/2024\/10\/Reciclaje-de-Palets-en-Sabadell-1024x724.jpg 1024w, https:\/\/paletscuerva.net\/wp-content\/uploads\/2024\/10\/Reciclaje-de-Palets-en-Sabadell-768x543.jpg 768w, https:\/\/paletscuerva.net\/wp-content\/uploads\/2024\/10\/Reciclaje-de-Palets-en-Sabadell-1536x1086.jpg 1536w, https:\/\/paletscuerva.net\/wp-content\/uploads\/2024\/10\/Reciclaje-de-Palets-en-Sabadell-18x12.jpg 18w, https:\/\/paletscuerva.net\/wp-content\/uploads\/2024\/10\/Reciclaje-de-Palets-en-Sabadell.jpg 2000w\" sizes=\"(max-width: 300px) 100vw, 300px\" \/><\/div><\/a>\n\t\t\t\t<div class=\"elementor-post__text\">\n\t\t\t\t<h3 class=\"elementor-post__title\">\n\t\t\t<a href=\"https:\/\/paletscuerva.net\/ca\/comprar-palets-europeos-una-apuesta-segura-para-la-logistica-eficiente\/\" >\n\t\t\t\tComprar palets europeos: una apuesta segura para la log\u00edstica eficiente\t\t\t<\/a>\n\t\t<\/h3>\n\t\t\t\t<div class=\"elementor-post__excerpt\">\n\t\t\t<p>Est\u00e1ndares de calidad: por qu\u00e9 los palets europeos marcan la diferencia Cuando se trata de transportar mercanc\u00edas de forma segura y eficiente, comprar palets europeos<\/p>\n\t\t<\/div>\n\t\t\n\t\t<a class=\"elementor-post__read-more\" href=\"https:\/\/paletscuerva.net\/ca\/comprar-palets-europeos-una-apuesta-segura-para-la-logistica-eficiente\/\" aria-label=\"Read more about Comprar palets europeos: una apuesta segura para la log\u00edstica eficiente\" tabindex=\"-1\" >\n\t\t\tLlegir m\u00e9s &#034;\t\t<\/a>\n\n\t\t\t\t<\/div>\n\t\t\t\t\t<\/div>\n\t\t<\/article>\n\t\t\t\t<article class=\"elementor-post elementor-grid-item post-1491 post type-post status-publish format-standard has-post-thumbnail hentry category-compra-venta-de-palets category-comprar-palets category-empresa-de-palets tag-compra-venta-palets\">\n\t\t\t<div class=\"elementor-post__card\">\n\t\t\t\t<a class=\"elementor-post__thumbnail__link\" href=\"https:\/\/paletscuerva.net\/ca\/empresa-que-compra-palets-una-pieza-clave-en-la-economia-circular\/\" tabindex=\"-1\" ><div class=\"elementor-post__thumbnail\"><img loading=\"lazy\" decoding=\"async\" width=\"300\" height=\"212\" src=\"https:\/\/paletscuerva.net\/wp-content\/uploads\/2024\/02\/Reciclajes-de-palets--300x212.png\" class=\"attachment-medium size-medium wp-image-929\" alt=\"\" srcset=\"https:\/\/paletscuerva.net\/wp-content\/uploads\/2024\/02\/Reciclajes-de-palets--300x212.png 300w, https:\/\/paletscuerva.net\/wp-content\/uploads\/2024\/02\/Reciclajes-de-palets--1024x724.png 1024w, https:\/\/paletscuerva.net\/wp-content\/uploads\/2024\/02\/Reciclajes-de-palets--768x543.png 768w, https:\/\/paletscuerva.net\/wp-content\/uploads\/2024\/02\/Reciclajes-de-palets--18x12.png 18w, https:\/\/paletscuerva.net\/wp-content\/uploads\/2024\/02\/Reciclajes-de-palets-.png 1500w\" sizes=\"(max-width: 300px) 100vw, 300px\" \/><\/div><\/a>\n\t\t\t\t<div class=\"elementor-post__text\">\n\t\t\t\t<h3 class=\"elementor-post__title\">\n\t\t\t<a href=\"https:\/\/paletscuerva.net\/ca\/empresa-que-compra-palets-una-pieza-clave-en-la-economia-circular\/\" >\n\t\t\t\tEmpresa que compra palets: una pieza clave en la econom\u00eda circular\t\t\t<\/a>\n\t\t<\/h3>\n\t\t\t\t<div class=\"elementor-post__excerpt\">\n\t\t\t<p>Proveedores responsables: el valor de dar una segunda vida a los palets En un contexto donde la sostenibilidad y la eficiencia log\u00edstica son esenciales, contar<\/p>\n\t\t<\/div>\n\t\t\n\t\t<a class=\"elementor-post__read-more\" href=\"https:\/\/paletscuerva.net\/ca\/empresa-que-compra-palets-una-pieza-clave-en-la-economia-circular\/\" aria-label=\"Read more about Empresa que compra palets: una pieza clave en la econom\u00eda circular\" tabindex=\"-1\" >\n\t\t\tLlegir m\u00e9s &#034;\t\t<\/a>\n\n\t\t\t\t<\/div>\n\t\t\t\t\t<\/div>\n\t\t<\/article>\n\t\t\t\t<article class=\"elementor-post elementor-grid-item post-1479 post type-post status-publish format-standard has-post-thumbnail hentry category-compra-venta-de-palets category-comprar-palets category-empresa-de-palets tag-compra-venta-palets\">\n\t\t\t<div class=\"elementor-post__card\">\n\t\t\t\t<a class=\"elementor-post__thumbnail__link\" href=\"https:\/\/paletscuerva.net\/ca\/compra-de-palets-una-inversion-inteligente-para-tu-cadena-de-suministro\/\" tabindex=\"-1\" ><div class=\"elementor-post__thumbnail\"><img loading=\"lazy\" decoding=\"async\" width=\"300\" height=\"212\" src=\"https:\/\/paletscuerva.net\/wp-content\/uploads\/2024\/04\/palets-barcelona-300x212.jpg\" class=\"attachment-medium size-medium wp-image-1066\" alt=\"\" srcset=\"https:\/\/paletscuerva.net\/wp-content\/uploads\/2024\/04\/palets-barcelona-300x212.jpg 300w, https:\/\/paletscuerva.net\/wp-content\/uploads\/2024\/04\/palets-barcelona-1024x724.jpg 1024w, https:\/\/paletscuerva.net\/wp-content\/uploads\/2024\/04\/palets-barcelona-768x543.jpg 768w, https:\/\/paletscuerva.net\/wp-content\/uploads\/2024\/04\/palets-barcelona-1536x1086.jpg 1536w, https:\/\/paletscuerva.net\/wp-content\/uploads\/2024\/04\/palets-barcelona-18x12.jpg 18w, https:\/\/paletscuerva.net\/wp-content\/uploads\/2024\/04\/palets-barcelona.jpg 2000w\" sizes=\"(max-width: 300px) 100vw, 300px\" \/><\/div><\/a>\n\t\t\t\t<div class=\"elementor-post__text\">\n\t\t\t\t<h3 class=\"elementor-post__title\">\n\t\t\t<a href=\"https:\/\/paletscuerva.net\/ca\/compra-de-palets-una-inversion-inteligente-para-tu-cadena-de-suministro\/\" >\n\t\t\t\tCompra de palets: una inversi\u00f3n inteligente para tu cadena de suministro\t\t\t<\/a>\n\t\t<\/h3>\n\t\t\t\t<div class=\"elementor-post__excerpt\">\n\t\t\t<p>Adquisici\u00f3n responsable en log\u00edstica y almacenaje La compra de palets es una decisi\u00f3n estrat\u00e9gica que va m\u00e1s all\u00e1 del simple aprovisionamiento de embalajes. Para muchas<\/p>\n\t\t<\/div>\n\t\t\n\t\t<a class=\"elementor-post__read-more\" href=\"https:\/\/paletscuerva.net\/ca\/compra-de-palets-una-inversion-inteligente-para-tu-cadena-de-suministro\/\" aria-label=\"Read more about Compra de palets: una inversi\u00f3n inteligente para tu cadena de suministro\" tabindex=\"-1\" >\n\t\t\tLlegir m\u00e9s &#034;\t\t<\/a>\n\n\t\t\t\t<\/div>\n\t\t\t\t\t<\/div>\n\t\t<\/article>\n\t\t\t\t<article class=\"elementor-post elementor-grid-item post-1476 post type-post status-publish format-standard has-post-thumbnail hentry category-compra-venta-de-palets category-comprar-palets category-empresa-de-palets category-venta-de-palets tag-compra-venta-palets\">\n\t\t\t<div class=\"elementor-post__card\">\n\t\t\t\t<a class=\"elementor-post__thumbnail__link\" href=\"https:\/\/paletscuerva.net\/ca\/compra-venta-de-palets-el-ciclo-eficiente-del-embalaje-industrial\/\" tabindex=\"-1\" ><div class=\"elementor-post__thumbnail\"><img loading=\"lazy\" decoding=\"async\" width=\"300\" height=\"200\" src=\"https:\/\/paletscuerva.net\/wp-content\/uploads\/2024\/07\/fabricacion-de-palets-en-Barcelona-1-300x200.jpg\" class=\"attachment-medium size-medium wp-image-1188\" alt=\"\" srcset=\"https:\/\/paletscuerva.net\/wp-content\/uploads\/2024\/07\/fabricacion-de-palets-en-Barcelona-1-300x200.jpg 300w, https:\/\/paletscuerva.net\/wp-content\/uploads\/2024\/07\/fabricacion-de-palets-en-Barcelona-1-768x512.jpg 768w, https:\/\/paletscuerva.net\/wp-content\/uploads\/2024\/07\/fabricacion-de-palets-en-Barcelona-1-18x12.jpg 18w, https:\/\/paletscuerva.net\/wp-content\/uploads\/2024\/07\/fabricacion-de-palets-en-Barcelona-1.jpg 900w\" sizes=\"(max-width: 300px) 100vw, 300px\" \/><\/div><\/a>\n\t\t\t\t<div class=\"elementor-post__text\">\n\t\t\t\t<h3 class=\"elementor-post__title\">\n\t\t\t<a href=\"https:\/\/paletscuerva.net\/ca\/compra-venta-de-palets-el-ciclo-eficiente-del-embalaje-industrial\/\" >\n\t\t\t\tCompra venta de palets: el ciclo eficiente del embalaje industrial\t\t\t<\/a>\n\t\t<\/h3>\n\t\t\t\t<div class=\"elementor-post__excerpt\">\n\t\t\t<p>Intercambio sostenible de palets de madera El mercado de la compra venta de palets representa una de las estrategias m\u00e1s sostenibles y eficientes dentro del<\/p>\n\t\t<\/div>\n\t\t\n\t\t<a class=\"elementor-post__read-more\" href=\"https:\/\/paletscuerva.net\/ca\/compra-venta-de-palets-el-ciclo-eficiente-del-embalaje-industrial\/\" aria-label=\"Read more about Compra venta de palets: el ciclo eficiente del embalaje industrial\" tabindex=\"-1\" >\n\t\t\tLlegir m\u00e9s &#034;\t\t<\/a>\n\n\t\t\t\t<\/div>\n\t\t\t\t\t<\/div>\n\t\t<\/article>\n\t\t\t\t<\/div>\n\t\t\n\t\t\t\t<div class=\"e-load-more-anchor\" data-page=\"1\" data-max-page=\"8\" data-next-page=\"https:\/\/paletscuerva.net\/ca\/wp-json\/wp\/v2\/pages\/279\/page\/2\/\"><\/div>\n\t\t\t\t<nav class=\"elementor-pagination\" aria-label=\"Pagination\">\n\t\t\t<span class=\"page-numbers prev\">&laquo; Anterior<\/span>\n<a class=\"page-numbers next\" href=\"https:\/\/paletscuerva.net\/ca\/wp-json\/wp\/v2\/pages\/279\/page\/2\/\">Siguiente &raquo;<\/a>\t\t<\/nav>\n\t\t\t\t\t\t<\/div>\n\t\t\t\t<\/div>\n\t\t\t\t\t<\/div>\n\t\t<\/div>\n\t\t\t\t\t<\/div>\n\t\t<\/section>\n\t\t\t\t<\/div>","protected":false},"excerpt":{"rendered":"<p>Blog<\/p>","protected":false},"author":1,"featured_media":0,"parent":0,"menu_order":0,"comment_status":"closed","ping_status":"closed","template":"page-templates\/template-pagebuilder-full-width.php","meta":{"neve_meta_sidebar":"","neve_meta_container":"","neve_meta_enable_content_width":"off","neve_meta_content_width":100,"neve_meta_title_alignment":"","neve_meta_author_avatar":"","neve_post_elements_order":"","neve_meta_disable_header":"","neve_meta_disable_footer":"","neve_meta_disable_title":"","neve_meta_reading_time":"","footnotes":""},"class_list":["post-279","page","type-page","status-publish","hentry"],"yoast_head":"<!-- This site is optimized with the Yoast SEO plugin v25.2 - https:\/\/yoast.com\/wordpress\/plugins\/seo\/ -->\n<title>Blog sobre palets - Palets Cuerva<\/title>\n<meta name=\"description\" content=\"Ent\u00e9rate aqu\u00ed lo relacionado con los palets: su fabicaci\u00f3, venta y restauraci\u00f3n de ellos. Te ofrecemos tambi\u00e9n consejos de parte de los mejores expertos.\" \/>\n<meta name=\"robots\" content=\"index, follow, max-snippet:-1, max-image-preview:large, max-video-preview:-1\" \/>\n<link rel=\"canonical\" href=\"https:\/\/paletscuerva.net\/ca\/blog\/\" \/>\n<meta property=\"og:locale\" content=\"ca_ES\" \/>\n<meta property=\"og:type\" content=\"article\" \/>\n<meta property=\"og:title\" content=\"Blog sobre palets - Palets Cuerva\" \/>\n<meta property=\"og:description\" content=\"Ent\u00e9rate aqu\u00ed lo relacionado con los palets: su fabicaci\u00f3, venta y restauraci\u00f3n de ellos. Te ofrecemos tambi\u00e9n consejos de parte de los mejores expertos.\" \/>\n<meta property=\"og:url\" content=\"https:\/\/paletscuerva.net\/ca\/blog\/\" \/>\n<meta property=\"og:site_name\" content=\"Palets Cuerva\" \/>\n<meta property=\"article:modified_time\" content=\"2023-05-30T08:54:18+00:00\" \/>\n<meta name=\"twitter:card\" content=\"summary_large_image\" \/>\n<meta name=\"twitter:label1\" content=\"Temps estimat de lectura\" \/>\n\t<meta name=\"twitter:data1\" content=\"1 minut\" \/>\n<script type=\"application\/ld+json\" class=\"yoast-schema-graph\">{\"@context\":\"https:\/\/schema.org\",\"@graph\":[{\"@type\":\"WebPage\",\"@id\":\"https:\/\/paletscuerva.net\/blog\/\",\"url\":\"https:\/\/paletscuerva.net\/blog\/\",\"name\":\"Blog sobre palets - Palets Cuerva\",\"isPartOf\":{\"@id\":\"https:\/\/paletscuerva.net\/#website\"},\"datePublished\":\"2023-05-11T21:15:51+00:00\",\"dateModified\":\"2023-05-30T08:54:18+00:00\",\"description\":\"Ent\u00e9rate aqu\u00ed lo relacionado con los palets: su fabicaci\u00f3, venta y restauraci\u00f3n de ellos. Te ofrecemos tambi\u00e9n consejos de parte de los mejores expertos.\",\"breadcrumb\":{\"@id\":\"https:\/\/paletscuerva.net\/blog\/#breadcrumb\"},\"inLanguage\":\"ca\",\"potentialAction\":[{\"@type\":\"ReadAction\",\"target\":[\"https:\/\/paletscuerva.net\/blog\/\"]}]},{\"@type\":\"BreadcrumbList\",\"@id\":\"https:\/\/paletscuerva.net\/blog\/#breadcrumb\",\"itemListElement\":[{\"@type\":\"ListItem\",\"position\":1,\"name\":\"Portada\",\"item\":\"https:\/\/paletscuerva.net\/\"},{\"@type\":\"ListItem\",\"position\":2,\"name\":\"Blog\"}]},{\"@type\":\"WebSite\",\"@id\":\"https:\/\/paletscuerva.net\/#website\",\"url\":\"https:\/\/paletscuerva.net\/\",\"name\":\"Palets Cuerva\",\"description\":\"Fabricaci\u00f3n, venta y restauraci\u00f3n de palets en Barcelona.\",\"potentialAction\":[{\"@type\":\"SearchAction\",\"target\":{\"@type\":\"EntryPoint\",\"urlTemplate\":\"https:\/\/paletscuerva.net\/?s={search_term_string}\"},\"query-input\":{\"@type\":\"PropertyValueSpecification\",\"valueRequired\":true,\"valueName\":\"search_term_string\"}}],\"inLanguage\":\"ca\"}]}<\/script>\n<!-- \/ Yoast SEO plugin. -->","yoast_head_json":{"title":"Blog sobre palets - Palets Cuerva","description":"Ent\u00e9rate aqu\u00ed lo relacionado con los palets: su fabicaci\u00f3, venta y restauraci\u00f3n de ellos. Te ofrecemos tambi\u00e9n consejos de parte de los mejores expertos.","robots":{"index":"index","follow":"follow","max-snippet":"max-snippet:-1","max-image-preview":"max-image-preview:large","max-video-preview":"max-video-preview:-1"},"canonical":"https:\/\/paletscuerva.net\/ca\/blog\/","og_locale":"ca_ES","og_type":"article","og_title":"Blog sobre palets - Palets Cuerva","og_description":"Ent\u00e9rate aqu\u00ed lo relacionado con los palets: su fabicaci\u00f3, venta y restauraci\u00f3n de ellos. Te ofrecemos tambi\u00e9n consejos de parte de los mejores expertos.","og_url":"https:\/\/paletscuerva.net\/ca\/blog\/","og_site_name":"Palets Cuerva","article_modified_time":"2023-05-30T08:54:18+00:00","twitter_card":"summary_large_image","twitter_misc":{"Temps estimat de lectura":"1 minut"},"schema":{"@context":"https:\/\/schema.org","@graph":[{"@type":"WebPage","@id":"https:\/\/paletscuerva.net\/blog\/","url":"https:\/\/paletscuerva.net\/blog\/","name":"Blog sobre palets - Palets Cuerva","isPartOf":{"@id":"https:\/\/paletscuerva.net\/#website"},"datePublished":"2023-05-11T21:15:51+00:00","dateModified":"2023-05-30T08:54:18+00:00","description":"Ent\u00e9rate aqu\u00ed lo relacionado con los palets: su fabicaci\u00f3, venta y restauraci\u00f3n de ellos. Te ofrecemos tambi\u00e9n consejos de parte de los mejores expertos.","breadcrumb":{"@id":"https:\/\/paletscuerva.net\/blog\/#breadcrumb"},"inLanguage":"ca","potentialAction":[{"@type":"ReadAction","target":["https:\/\/paletscuerva.net\/blog\/"]}]},{"@type":"BreadcrumbList","@id":"https:\/\/paletscuerva.net\/blog\/#breadcrumb","itemListElement":[{"@type":"ListItem","position":1,"name":"Portada","item":"https:\/\/paletscuerva.net\/"},{"@type":"ListItem","position":2,"name":"Blog"}]},{"@type":"WebSite","@id":"https:\/\/paletscuerva.net\/#website","url":"https:\/\/paletscuerva.net\/","name":"Palets Cuerva","description":"Fabricaci\u00f3n, venta y restauraci\u00f3n de palets en Barcelona.","potentialAction":[{"@type":"SearchAction","target":{"@type":"EntryPoint","urlTemplate":"https:\/\/paletscuerva.net\/?s={search_term_string}"},"query-input":{"@type":"PropertyValueSpecification","valueRequired":true,"valueName":"search_term_string"}}],"inLanguage":"ca"}]}},"_links":{"self":[{"href":"https:\/\/paletscuerva.net\/ca\/wp-json\/wp\/v2\/pages\/279","targetHints":{"allow":["GET"]}}],"collection":[{"href":"https:\/\/paletscuerva.net\/ca\/wp-json\/wp\/v2\/pages"}],"about":[{"href":"https:\/\/paletscuerva.net\/ca\/wp-json\/wp\/v2\/types\/page"}],"author":[{"embeddable":true,"href":"https:\/\/paletscuerva.net\/ca\/wp-json\/wp\/v2\/users\/1"}],"replies":[{"embeddable":true,"href":"https:\/\/paletscuerva.net\/ca\/wp-json\/wp\/v2\/comments?post=279"}],"version-history":[{"count":10,"href":"https:\/\/paletscuerva.net\/ca\/wp-json\/wp\/v2\/pages\/279\/revisions"}],"predecessor-version":[{"id":569,"href":"https:\/\/paletscuerva.net\/ca\/wp-json\/wp\/v2\/pages\/279\/revisions\/569"}],"wp:attachment":[{"href":"https:\/\/paletscuerva.net\/ca\/wp-json\/wp\/v2\/media?parent=279"}],"curies":[{"name":"wp","href":"https:\/\/api.w.org\/{rel}","templated":true}]}}